{"id":131,"date":"2023-01-29T12:25:29","date_gmt":"2023-01-29T11:25:29","guid":{"rendered":"http:\/\/terezinskainiciativa.cz\/?page_id=131"},"modified":"2023-10-24T02:27:41","modified_gmt":"2023-10-24T00:27:41","slug":"2011-2015","status":"publish","type":"page","link":"https:\/\/terezinskainiciativa.cz\/en\/2011-2015\/","title":{"rendered":"2011 &#8211; 2015"},"content":{"rendered":"<h2 class=\"wp-block-heading\">2011<\/h2>\n\n\n\n<ul class=\"wp-block-list\">\n<li><a href=\"http:\/\/terezinskainiciativa.cz\/wp-content\/uploads\/2023\/01\/newsletter54.pdf\">54 &#8211; \u00fanor<\/a><\/li>\n\n\n\n<li><a href=\"http:\/\/terezinskainiciativa.cz\/wp-content\/uploads\/2023\/01\/newsletter55.pdf\">55 &#8211; kv\u011bten<\/a><\/li>\n\n\n\n<li><a href=\"http:\/\/terezinskainiciativa.cz\/wp-content\/uploads\/2023\/01\/newsletter56.pdf\">56 &#8211; srpen<\/a><\/li>\n\n\n\n<li><a href=\"http:\/\/terezinskainiciativa.cz\/wp-content\/uploads\/2023\/01\/newsletter57.pdf\">57 &#8211; listopad<\/a><\/li>\n<\/ul>\n\n\n\n<h2 class=\"wp-block-heading\">2012<\/h2>\n\n\n\n<ul class=\"wp-block-list\">\n<li><a href=\"http:\/\/terezinskainiciativa.cz\/wp-content\/uploads\/2023\/01\/newsletter58.pdf\">58 &#8211; \u00fanor<\/a><\/li>\n\n\n\n<li><a href=\"http:\/\/terezinskainiciativa.cz\/wp-content\/uploads\/2023\/01\/newsletter59.pdf\">59 &#8211; kv\u011bten<\/a><\/li>\n\n\n\n<li><a href=\"http:\/\/terezinskainiciativa.cz\/wp-content\/uploads\/2023\/01\/newsletter60.pdf\">60 &#8211; \u010dervenec<\/a><\/li>\n\n\n\n<li><a href=\"http:\/\/terezinskainiciativa.cz\/wp-content\/uploads\/2023\/01\/newsletter61.pdf\">61 &#8211; \u0159\u00edjen<\/a><\/li>\n\n\n\n<li><a href=\"http:\/\/terezinskainiciativa.cz\/wp-content\/uploads\/2023\/01\/newsletter62.pdf\">62 &#8211; prosinec<\/a><\/li>\n<\/ul>\n\n\n\n<h2 class=\"wp-block-heading\">2013<\/h2>\n\n\n\n<ul class=\"wp-block-list\">\n<li><a href=\"http:\/\/terezinskainiciativa.cz\/wp-content\/uploads\/2023\/01\/newsletter63.pdf\">63 &#8211; \u00fanor<\/a><\/li>\n\n\n\n<li><a href=\"http:\/\/terezinskainiciativa.cz\/wp-content\/uploads\/2023\/01\/newsletter64.pdf\">64 &#8211; kv\u011bten<\/a><\/li>\n\n\n\n<li><a href=\"http:\/\/terezinskainiciativa.cz\/wp-content\/uploads\/2023\/01\/newsletter65.pdf\">65 &#8211; \u010dervenec<\/a><\/li>\n\n\n\n<li><a href=\"http:\/\/terezinskainiciativa.cz\/wp-content\/uploads\/2023\/01\/newsletter66.pdf\">66 &#8211; \u0159\u00edjen<\/a><\/li>\n\n\n\n<li><a href=\"http:\/\/terezinskainiciativa.cz\/wp-content\/uploads\/2023\/01\/newsletter67.pdf\">67 &#8211; prosinec<\/a><\/li>\n<\/ul>\n\n\n\n<h2 class=\"wp-block-heading\">2014<\/h2>\n\n\n\n<ul class=\"wp-block-list\">\n<li><a href=\"http:\/\/terezinskainiciativa.cz\/wp-content\/uploads\/2023\/01\/newsletter68.pdf\">68 &#8211; \u00fanor<\/a><\/li>\n\n\n\n<li><a href=\"http:\/\/terezinskainiciativa.cz\/wp-content\/uploads\/2023\/01\/newsletter69.pdf\">69 &#8211; duben<\/a><\/li>\n\n\n\n<li><a href=\"http:\/\/terezinskainiciativa.cz\/wp-content\/uploads\/2023\/01\/newsletter70.pdf\">70 &#8211; \u010derven<\/a><\/li>\n\n\n\n<li><a href=\"http:\/\/terezinskainiciativa.cz\/wp-content\/uploads\/2023\/01\/newsletter71.pdf\">71 &#8211; srpen<\/a><\/li>\n\n\n\n<li><a href=\"http:\/\/terezinskainiciativa.cz\/wp-content\/uploads\/2023\/01\/newsletter72.pdf\">72 &#8211; listopad<\/a><\/li>\n<\/ul>\n\n\n\n<h2 class=\"wp-block-heading\">2015<\/h2>\n\n\n\n<ul class=\"wp-block-list\">\n<li><a href=\"http:\/\/terezinskainiciativa.cz\/wp-content\/uploads\/2023\/01\/newsletter73.pdf\">73 &#8211; leden<\/a><\/li>\n\n\n\n<li><a href=\"http:\/\/terezinskainiciativa.cz\/wp-content\/uploads\/2023\/01\/newsletter74.pdf\">74 &#8211; b\u0159ezen<\/a><\/li>\n\n\n\n<li><a href=\"http:\/\/terezinskainiciativa.cz\/wp-content\/uploads\/2023\/01\/newsletter75.pdf\">75 &#8211; kv\u011bten<\/a><\/li>\n\n\n\n<li><a href=\"http:\/\/terezinskainiciativa.cz\/wp-content\/uploads\/2023\/01\/newsletter76.pdf\">76 &#8211; \u010dervenec<\/a><\/li>\n\n\n\n<li><a href=\"http:\/\/terezinskainiciativa.cz\/wp-content\/uploads\/2023\/01\/newsletter76a.pdf\">mimo\u0159\u00e1dn\u00e9 \u010d\u00edslo &#8211; z\u00e1\u0159\u00ed<\/a><\/li>\n\n\n\n<li><a href=\"http:\/\/terezinskainiciativa.cz\/wp-content\/uploads\/2023\/01\/newsletter77.pdf\">77 &#8211; listopad<\/a><\/li>\n<\/ul>\n\n\n\n<div class=\"wp-block-buttons is-content-justification-center is-layout-flex wp-container-core-buttons-is-layout-1 wp-block-buttons-is-layout-flex\">\n<div class=\"wp-block-button is-style-outline is-style-outline--dcf2afb05cbf78fbac0e14c7d0069ab6\"><a class=\"wp-block-button__link wp-element-button\" href=\"https:\/\/terezinskainiciativa.cz\/en\/2006-2010\/\">&lt;- 2006 &#8211; 2010<\/a><\/div>\n\n\n\n<div class=\"wp-block-button is-style-outline is-style-outline--c50ac04c54142c98b8386de1c8838cdd\"><a class=\"wp-block-button__link wp-element-button\" href=\"https:\/\/terezinskainiciativa.cz\/en\/2016-2020\/\">2016 &#8211; 2020 -&gt;<\/a><\/div>\n<\/div>","protected":false},"excerpt":{"rendered":"<p>2011 2012 2013 2014 2015<\/p>","protected":false},"author":1,"featured_media":0,"parent":0,"menu_order":0,"comment_status":"closed","ping_status":"closed","template":"","meta":{"footnotes":""},"class_list":["post-131","page","type-page","status-publish","hentry"],"yoast_head":"<!-- This site is optimized with the Yoast SEO plugin v21.9.1 - https:\/\/yoast.com\/wordpress\/plugins\/seo\/ -->\n<title>Terez\u00ednsk\u00e1 iniciativa - \u010casopisy z let 2011 a\u017e 2015<\/title>\n<meta name=\"description\" content=\"Kompletn\u00ed internetov\u00fd archiv \u010dasopis\u016f Terez\u00ednsk\u00e9 inicitivy ro\u010dn\u00edky 2011 a\u017e 2015 v\u00a0PDF form\u00e1tu voln\u011b ke sta\u017een\u00ed.\" \/>\n<meta name=\"robots\" content=\"index, follow, max-snippet:-1, max-image-preview:large, max-video-preview:-1\" \/>\n<link rel=\"canonical\" href=\"https:\/\/terezinskainiciativa.cz\/en\/2011-2015\/\" \/>\n<meta property=\"og:locale\" content=\"en_US\" \/>\n<meta property=\"og:type\" content=\"article\" \/>\n<meta property=\"og:title\" content=\"Terez\u00ednsk\u00e1 iniciativa - \u010casopisy z let 2011 a\u017e 2015\" \/>\n<meta property=\"og:description\" content=\"Kompletn\u00ed internetov\u00fd archiv \u010dasopis\u016f Terez\u00ednsk\u00e9 inicitivy ro\u010dn\u00edky 2011 a\u017e 2015 v\u00a0PDF form\u00e1tu voln\u011b ke sta\u017een\u00ed.\" \/>\n<meta property=\"og:url\" content=\"https:\/\/terezinskainiciativa.cz\/en\/2011-2015\/\" \/>\n<meta property=\"og:site_name\" content=\"Terez\u00ednsk\u00e1 iniciativa\" \/>\n<meta property=\"article:modified_time\" content=\"2023-10-24T00:27:41+00:00\" \/>\n<meta property=\"og:image\" content=\"https:\/\/terezinskainiciativa.cz\/wp-content\/uploads\/2022\/12\/cropped-ti-v2.png\" \/>\n\t<meta property=\"og:image:width\" content=\"242\" \/>\n\t<meta property=\"og:image:height\" content=\"71\" \/>\n\t<meta property=\"og:image:type\" content=\"image\/png\" \/>\n<meta name=\"twitter:card\" content=\"summary_large_image\" \/>\n<meta name=\"twitter:label1\" content=\"Est. reading time\" \/>\n\t<meta name=\"twitter:data1\" content=\"1 minute\" \/>\n<script type=\"application\/ld+json\" class=\"yoast-schema-graph\">{\"@context\":\"https:\/\/schema.org\",\"@graph\":[{\"@type\":\"WebPage\",\"@id\":\"https:\/\/terezinskainiciativa.cz\/2011-2015\/\",\"url\":\"https:\/\/terezinskainiciativa.cz\/2011-2015\/\",\"name\":\"Terez\u00ednsk\u00e1 iniciativa - \u010casopisy z let 2011 a\u017e 2015\",\"isPartOf\":{\"@id\":\"https:\/\/terezinskainiciativa.cz\/#website\"},\"datePublished\":\"2023-01-29T11:25:29+00:00\",\"dateModified\":\"2023-10-24T00:27:41+00:00\",\"description\":\"Kompletn\u00ed internetov\u00fd archiv \u010dasopis\u016f Terez\u00ednsk\u00e9 inicitivy ro\u010dn\u00edky 2011 a\u017e 2015 v\u00a0PDF form\u00e1tu voln\u011b ke sta\u017een\u00ed.\",\"breadcrumb\":{\"@id\":\"https:\/\/terezinskainiciativa.cz\/2011-2015\/#breadcrumb\"},\"inLanguage\":\"en-US\",\"potentialAction\":[{\"@type\":\"ReadAction\",\"target\":[\"https:\/\/terezinskainiciativa.cz\/2011-2015\/\"]}]},{\"@type\":\"BreadcrumbList\",\"@id\":\"https:\/\/terezinskainiciativa.cz\/2011-2015\/#breadcrumb\",\"itemListElement\":[{\"@type\":\"ListItem\",\"position\":1,\"name\":\"Dom\u016f\",\"item\":\"https:\/\/terezinskainiciativa.cz\/\"},{\"@type\":\"ListItem\",\"position\":2,\"name\":\"2011 &#8211; 2015\"}]},{\"@type\":\"WebSite\",\"@id\":\"https:\/\/terezinskainiciativa.cz\/#website\",\"url\":\"https:\/\/terezinskainiciativa.cz\/\",\"name\":\"Terez\u00ednsk\u00e1 iniciativa\",\"description\":\"TI je sdru\u017een\u00ed b\u00fdval\u00fdch v\u011bz\u0148\u016f terez\u00ednsk\u00e9ho ghetta a jejich p\u0159\u00edm\u00fdch potomk\u016f\",\"publisher\":{\"@id\":\"https:\/\/terezinskainiciativa.cz\/#organization\"},\"potentialAction\":[{\"@type\":\"SearchAction\",\"target\":{\"@type\":\"EntryPoint\",\"urlTemplate\":\"https:\/\/terezinskainiciativa.cz\/?s={search_term_string}\"},\"query-input\":\"required name=search_term_string\"}],\"inLanguage\":\"en-US\"},{\"@type\":\"Organization\",\"@id\":\"https:\/\/terezinskainiciativa.cz\/#organization\",\"name\":\"Terez\u00ednsk\u00e1 iniciativa\",\"url\":\"https:\/\/terezinskainiciativa.cz\/\",\"logo\":{\"@type\":\"ImageObject\",\"inLanguage\":\"en-US\",\"@id\":\"https:\/\/terezinskainiciativa.cz\/#\/schema\/logo\/image\/\",\"url\":\"https:\/\/terezinskainiciativa.cz\/wp-content\/uploads\/2022\/12\/cropped-ti-v2.png\",\"contentUrl\":\"https:\/\/terezinskainiciativa.cz\/wp-content\/uploads\/2022\/12\/cropped-ti-v2.png\",\"width\":242,\"height\":71,\"caption\":\"Terez\u00ednsk\u00e1 iniciativa\"},\"image\":{\"@id\":\"https:\/\/terezinskainiciativa.cz\/#\/schema\/logo\/image\/\"}}]}<\/script>\n<!-- \/ Yoast SEO plugin. -->","yoast_head_json":{"title":"Terez\u00ednsk\u00e1 iniciativa - \u010casopisy z let 2011 a\u017e 2015","description":"Kompletn\u00ed internetov\u00fd archiv \u010dasopis\u016f Terez\u00ednsk\u00e9 inicitivy ro\u010dn\u00edky 2011 a\u017e 2015 v\u00a0PDF form\u00e1tu voln\u011b ke sta\u017een\u00ed.","robots":{"index":"index","follow":"follow","max-snippet":"max-snippet:-1","max-image-preview":"max-image-preview:large","max-video-preview":"max-video-preview:-1"},"canonical":"https:\/\/terezinskainiciativa.cz\/en\/2011-2015\/","og_locale":"en_US","og_type":"article","og_title":"Terez\u00ednsk\u00e1 iniciativa - \u010casopisy z let 2011 a\u017e 2015","og_description":"Kompletn\u00ed internetov\u00fd archiv \u010dasopis\u016f Terez\u00ednsk\u00e9 inicitivy ro\u010dn\u00edky 2011 a\u017e 2015 v\u00a0PDF form\u00e1tu voln\u011b ke sta\u017een\u00ed.","og_url":"https:\/\/terezinskainiciativa.cz\/en\/2011-2015\/","og_site_name":"Terez\u00ednsk\u00e1 iniciativa","article_modified_time":"2023-10-24T00:27:41+00:00","og_image":[{"width":242,"height":71,"url":"https:\/\/terezinskainiciativa.cz\/wp-content\/uploads\/2022\/12\/cropped-ti-v2.png","type":"image\/png"}],"twitter_card":"summary_large_image","twitter_misc":{"Est. reading time":"1 minute"},"schema":{"@context":"https:\/\/schema.org","@graph":[{"@type":"WebPage","@id":"https:\/\/terezinskainiciativa.cz\/2011-2015\/","url":"https:\/\/terezinskainiciativa.cz\/2011-2015\/","name":"Terez\u00ednsk\u00e1 iniciativa - \u010casopisy z let 2011 a\u017e 2015","isPartOf":{"@id":"https:\/\/terezinskainiciativa.cz\/#website"},"datePublished":"2023-01-29T11:25:29+00:00","dateModified":"2023-10-24T00:27:41+00:00","description":"Kompletn\u00ed internetov\u00fd archiv \u010dasopis\u016f Terez\u00ednsk\u00e9 inicitivy ro\u010dn\u00edky 2011 a\u017e 2015 v\u00a0PDF form\u00e1tu voln\u011b ke sta\u017een\u00ed.","breadcrumb":{"@id":"https:\/\/terezinskainiciativa.cz\/2011-2015\/#breadcrumb"},"inLanguage":"en-US","potentialAction":[{"@type":"ReadAction","target":["https:\/\/terezinskainiciativa.cz\/2011-2015\/"]}]},{"@type":"BreadcrumbList","@id":"https:\/\/terezinskainiciativa.cz\/2011-2015\/#breadcrumb","itemListElement":[{"@type":"ListItem","position":1,"name":"Dom\u016f","item":"https:\/\/terezinskainiciativa.cz\/"},{"@type":"ListItem","position":2,"name":"2011 &#8211; 2015"}]},{"@type":"WebSite","@id":"https:\/\/terezinskainiciativa.cz\/#website","url":"https:\/\/terezinskainiciativa.cz\/","name":"Terez\u00ednsk\u00e1 iniciativa","description":"TI je sdru\u017een\u00ed b\u00fdval\u00fdch v\u011bz\u0148\u016f terez\u00ednsk\u00e9ho ghetta a jejich p\u0159\u00edm\u00fdch potomk\u016f","publisher":{"@id":"https:\/\/terezinskainiciativa.cz\/#organization"},"potentialAction":[{"@type":"SearchAction","target":{"@type":"EntryPoint","urlTemplate":"https:\/\/terezinskainiciativa.cz\/?s={search_term_string}"},"query-input":"required name=search_term_string"}],"inLanguage":"en-US"},{"@type":"Organization","@id":"https:\/\/terezinskainiciativa.cz\/#organization","name":"Terez\u00ednsk\u00e1 iniciativa","url":"https:\/\/terezinskainiciativa.cz\/","logo":{"@type":"ImageObject","inLanguage":"en-US","@id":"https:\/\/terezinskainiciativa.cz\/#\/schema\/logo\/image\/","url":"https:\/\/terezinskainiciativa.cz\/wp-content\/uploads\/2022\/12\/cropped-ti-v2.png","contentUrl":"https:\/\/terezinskainiciativa.cz\/wp-content\/uploads\/2022\/12\/cropped-ti-v2.png","width":242,"height":71,"caption":"Terez\u00ednsk\u00e1 iniciativa"},"image":{"@id":"https:\/\/terezinskainiciativa.cz\/#\/schema\/logo\/image\/"}}]}},"_links":{"self":[{"href":"https:\/\/terezinskainiciativa.cz\/en\/wp-json\/wp\/v2\/pages\/131"}],"collection":[{"href":"https:\/\/terezinskainiciativa.cz\/en\/wp-json\/wp\/v2\/pages"}],"about":[{"href":"https:\/\/terezinskainiciativa.cz\/en\/wp-json\/wp\/v2\/types\/page"}],"author":[{"embeddable":true,"href":"https:\/\/terezinskainiciativa.cz\/en\/wp-json\/wp\/v2\/users\/1"}],"replies":[{"embeddable":true,"href":"https:\/\/terezinskainiciativa.cz\/en\/wp-json\/wp\/v2\/comments?post=131"}],"version-history":[{"count":4,"href":"https:\/\/terezinskainiciativa.cz\/en\/wp-json\/wp\/v2\/pages\/131\/revisions"}],"predecessor-version":[{"id":711,"href":"https:\/\/terezinskainiciativa.cz\/en\/wp-json\/wp\/v2\/pages\/131\/revisions\/711"}],"wp:attachment":[{"href":"https:\/\/terezinskainiciativa.cz\/en\/wp-json\/wp\/v2\/media?parent=131"}],"curies":[{"name":"wp","href":"https:\/\/api.w.org\/{rel}","templated":true}]}}