{"id":350,"date":"2023-03-01T18:14:14","date_gmt":"2023-03-01T17:14:14","guid":{"rendered":"http:\/\/terezinskainiciativa.cz\/?post_type=tribe_events&#038;p=350"},"modified":"2023-04-21T16:56:34","modified_gmt":"2023-04-21T14:56:34","slug":"musime-si-pomahat","status":"publish","type":"tribe_events","link":"https:\/\/terezinskainiciativa.cz\/en\/event\/musime-si-pomahat\/","title":{"rendered":"Filmov\u00fd festival ZA HRADBY: Mus\u00edme si pom\u00e1hat"},"content":{"rendered":"<p>Ve\u0159ejn\u00e9 prom\u00edt\u00e1n\u00ed filmu z roku 2000, za\u010d\u00e1tek v kinos\u00e1le Muzea ghetta. Film trv\u00e1 120 minut, na za\u010d\u00e1tku zazn\u00ed cca 15-ti minutov\u00e9 \u00favodn\u00ed slovo. Vstup ZDARMA.<\/p>\n<p>Sn\u00edmek Jana H\u0159ebejka a Petra Jarchovsk\u00e9ho se odehr\u00e1v\u00e1 za druh\u00e9 sv\u011btov\u00e9 v\u00e1lky a pomoc\u00ed mal\u00fdch lidsk\u00fdch osud\u016f d\u00e1v\u00e1 konkr\u00e9tn\u00ed obsah pojm\u016fm hrdinstv\u00ed i zbab\u011blost.<\/p>\n<p>Bezd\u011btn\u00ed man\u017eel\u00e9 \u010c\u00ed\u017ekovi (A. \u0160i\u0161kov\u00e1 a B. Pol\u00edvka) se rozhodnou v roce 1943 ukr\u00fdvat v tajn\u00e9 sp\u00ed\u017ei sv\u00e9ho bytu \u017eidovsk\u00e9ho uprchl\u00edka Davida Wienera, syna \u010c\u00ed\u017ekova b\u00fdval\u00e9ho zam\u011bstnavatele. \u010c\u00ed\u017eek si uv\u011bdomuje nebezpe\u010d\u00ed, do n\u011bho\u017e p\u0159ivedl svou dom\u00e1cnost i sousedy, av\u0161ak pomoc bli\u017en\u00edmu v nouzi pova\u017euje za samoz\u0159ejmou v\u011bc. Z\u00e1rove\u0148 ale jako zna\u010dn\u011b nehrdinsk\u00fd hrdina um\u00edr\u00e1 strachy. Jeho osobn\u00ed situaci zna\u010dn\u011b zkomplikuje bl\u00ed\u017e\u00edc\u00ed se konec v\u00e1lky, kdy mu hroz\u00ed nebezpe\u010d\u00ed jak ze strany N\u011bmc\u016f, tak i \u201epoctiv\u00fdch\u201c \u010desk\u00fdch spoluob\u010dan\u016f\u2026<\/p>\n<p><img loading=\"lazy\" decoding=\"async\" class=\"alignnone  wp-image-572\" src=\"http:\/\/terezinskainiciativa.cz\/wp-content\/uploads\/2023\/03\/ZA_HRADBY_PT_Musime_si_pomahat-300x300.jpg\" alt=\"\" width=\"495\" height=\"495\" srcset=\"https:\/\/terezinskainiciativa.cz\/wp-content\/uploads\/2023\/03\/ZA_HRADBY_PT_Musime_si_pomahat-300x300.jpg 300w, https:\/\/terezinskainiciativa.cz\/wp-content\/uploads\/2023\/03\/ZA_HRADBY_PT_Musime_si_pomahat-1024x1024.jpg 1024w, https:\/\/terezinskainiciativa.cz\/wp-content\/uploads\/2023\/03\/ZA_HRADBY_PT_Musime_si_pomahat-150x150.jpg 150w, https:\/\/terezinskainiciativa.cz\/wp-content\/uploads\/2023\/03\/ZA_HRADBY_PT_Musime_si_pomahat-768x768.jpg 768w, https:\/\/terezinskainiciativa.cz\/wp-content\/uploads\/2023\/03\/ZA_HRADBY_PT_Musime_si_pomahat.jpg 1080w\" sizes=\"(max-width: 495px) 100vw, 495px\" \/><\/p>\n","protected":false},"excerpt":{"rendered":"<p>Ve\u0159ejn\u00e9 prom\u00edt\u00e1n\u00ed filmu z roku 2000, za\u010d\u00e1tek v kinos\u00e1le Muzea ghetta. Film trv\u00e1 120 minut, na za\u010d\u00e1tku zazn\u00ed cca 15-ti minutov\u00e9 \u00favodn\u00ed slovo. Vstup ZDARMA. Sn\u00edmek Jana H\u0159ebejka a Petra [&hellip;]<\/p>\n","protected":false},"author":1,"featured_media":0,"comment_status":"open","ping_status":"closed","template":"","meta":{"_tribe_events_status":"","_tribe_events_status_reason":"","footnotes":""},"tags":[],"tribe_events_cat":[12],"class_list":["post-350","tribe_events","type-tribe_events","status-publish","hentry","tribe_events_cat-za-hradby","cat_za-hradby"],"yoast_head":"<!-- This site is optimized with the Yoast SEO plugin v21.9.1 - https:\/\/yoast.com\/wordpress\/plugins\/seo\/ -->\n<title>Filmov\u00fd festival ZA HRADBY: Mus\u00edme si pom\u00e1hat - Terez\u00ednsk\u00e1 iniciativa<\/title>\n<meta name=\"robots\" content=\"index, follow, max-snippet:-1, max-image-preview:large, max-video-preview:-1\" \/>\n<link rel=\"canonical\" href=\"https:\/\/terezinskainiciativa.cz\/en\/event\/musime-si-pomahat\/\" \/>\n<meta property=\"og:locale\" content=\"en_US\" \/>\n<meta property=\"og:type\" content=\"article\" \/>\n<meta property=\"og:title\" content=\"Filmov\u00fd festival ZA HRADBY: Mus\u00edme si pom\u00e1hat - Terez\u00ednsk\u00e1 iniciativa\" \/>\n<meta property=\"og:description\" content=\"Ve\u0159ejn\u00e9 prom\u00edt\u00e1n\u00ed filmu z roku 2000, za\u010d\u00e1tek v kinos\u00e1le Muzea ghetta. Film trv\u00e1 120 minut, na za\u010d\u00e1tku zazn\u00ed cca 15-ti minutov\u00e9 \u00favodn\u00ed slovo. Vstup ZDARMA. Sn\u00edmek Jana H\u0159ebejka a Petra [&hellip;]\" \/>\n<meta property=\"og:url\" content=\"https:\/\/terezinskainiciativa.cz\/en\/event\/musime-si-pomahat\/\" \/>\n<meta property=\"og:site_name\" content=\"Terez\u00ednsk\u00e1 iniciativa\" \/>\n<meta property=\"article:modified_time\" content=\"2023-04-21T14:56:34+00:00\" \/>\n<meta property=\"og:image\" content=\"http:\/\/terezinskainiciativa.cz\/wp-content\/uploads\/2023\/03\/ZA_HRADBY_PT_Musime_si_pomahat-300x300.jpg\" \/>\n<meta name=\"twitter:card\" content=\"summary_large_image\" \/>\n<meta name=\"twitter:label1\" content=\"Est. reading time\" \/>\n\t<meta name=\"twitter:data1\" content=\"1 minute\" \/>\n<script type=\"application\/ld+json\" class=\"yoast-schema-graph\">{\"@context\":\"https:\/\/schema.org\",\"@graph\":[{\"@type\":\"WebPage\",\"@id\":\"https:\/\/terezinskainiciativa.cz\/event\/musime-si-pomahat\/\",\"url\":\"https:\/\/terezinskainiciativa.cz\/event\/musime-si-pomahat\/\",\"name\":\"Filmov\u00fd festival ZA HRADBY: Mus\u00edme si pom\u00e1hat - Terez\u00ednsk\u00e1 iniciativa\",\"isPartOf\":{\"@id\":\"https:\/\/terezinskainiciativa.cz\/#website\"},\"datePublished\":\"2023-03-01T17:14:14+00:00\",\"dateModified\":\"2023-04-21T14:56:34+00:00\",\"breadcrumb\":{\"@id\":\"https:\/\/terezinskainiciativa.cz\/event\/musime-si-pomahat\/#breadcrumb\"},\"inLanguage\":\"en-US\",\"potentialAction\":[{\"@type\":\"ReadAction\",\"target\":[\"https:\/\/terezinskainiciativa.cz\/event\/musime-si-pomahat\/\"]}]},{\"@type\":\"BreadcrumbList\",\"@id\":\"https:\/\/terezinskainiciativa.cz\/event\/musime-si-pomahat\/#breadcrumb\",\"itemListElement\":[{\"@type\":\"ListItem\",\"position\":1,\"name\":\"Dom\u016f\",\"item\":\"https:\/\/terezinskainiciativa.cz\/\"},{\"@type\":\"ListItem\",\"position\":2,\"name\":\"Akce\",\"item\":\"https:\/\/terezinskainiciativa.cz\/events\/\"},{\"@type\":\"ListItem\",\"position\":3,\"name\":\"Filmov\u00fd festival ZA HRADBY: Mus\u00edme si pom\u00e1hat\"}]},{\"@type\":\"WebSite\",\"@id\":\"https:\/\/terezinskainiciativa.cz\/#website\",\"url\":\"https:\/\/terezinskainiciativa.cz\/\",\"name\":\"Terez\u00ednsk\u00e1 iniciativa\",\"description\":\"TI je sdru\u017een\u00ed b\u00fdval\u00fdch v\u011bz\u0148\u016f terez\u00ednsk\u00e9ho ghetta a jejich p\u0159\u00edm\u00fdch potomk\u016f\",\"publisher\":{\"@id\":\"https:\/\/terezinskainiciativa.cz\/#organization\"},\"potentialAction\":[{\"@type\":\"SearchAction\",\"target\":{\"@type\":\"EntryPoint\",\"urlTemplate\":\"https:\/\/terezinskainiciativa.cz\/?s={search_term_string}\"},\"query-input\":\"required name=search_term_string\"}],\"inLanguage\":\"en-US\"},{\"@type\":\"Organization\",\"@id\":\"https:\/\/terezinskainiciativa.cz\/#organization\",\"name\":\"Terez\u00ednsk\u00e1 iniciativa\",\"url\":\"https:\/\/terezinskainiciativa.cz\/\",\"logo\":{\"@type\":\"ImageObject\",\"inLanguage\":\"en-US\",\"@id\":\"https:\/\/terezinskainiciativa.cz\/#\/schema\/logo\/image\/\",\"url\":\"https:\/\/terezinskainiciativa.cz\/wp-content\/uploads\/2022\/12\/cropped-ti-v2.png\",\"contentUrl\":\"https:\/\/terezinskainiciativa.cz\/wp-content\/uploads\/2022\/12\/cropped-ti-v2.png\",\"width\":242,\"height\":71,\"caption\":\"Terez\u00ednsk\u00e1 iniciativa\"},\"image\":{\"@id\":\"https:\/\/terezinskainiciativa.cz\/#\/schema\/logo\/image\/\"}}]}<\/script>\n<!-- \/ Yoast SEO plugin. -->","yoast_head_json":{"title":"Filmov\u00fd festival ZA HRADBY: Mus\u00edme si pom\u00e1hat - Terez\u00ednsk\u00e1 iniciativa","robots":{"index":"index","follow":"follow","max-snippet":"max-snippet:-1","max-image-preview":"max-image-preview:large","max-video-preview":"max-video-preview:-1"},"canonical":"https:\/\/terezinskainiciativa.cz\/en\/event\/musime-si-pomahat\/","og_locale":"en_US","og_type":"article","og_title":"Filmov\u00fd festival ZA HRADBY: Mus\u00edme si pom\u00e1hat - Terez\u00ednsk\u00e1 iniciativa","og_description":"Ve\u0159ejn\u00e9 prom\u00edt\u00e1n\u00ed filmu z roku 2000, za\u010d\u00e1tek v kinos\u00e1le Muzea ghetta. Film trv\u00e1 120 minut, na za\u010d\u00e1tku zazn\u00ed cca 15-ti minutov\u00e9 \u00favodn\u00ed slovo. Vstup ZDARMA. Sn\u00edmek Jana H\u0159ebejka a Petra [&hellip;]","og_url":"https:\/\/terezinskainiciativa.cz\/en\/event\/musime-si-pomahat\/","og_site_name":"Terez\u00ednsk\u00e1 iniciativa","article_modified_time":"2023-04-21T14:56:34+00:00","og_image":[{"url":"http:\/\/terezinskainiciativa.cz\/wp-content\/uploads\/2023\/03\/ZA_HRADBY_PT_Musime_si_pomahat-300x300.jpg"}],"twitter_card":"summary_large_image","twitter_misc":{"Est. reading time":"1 minute"},"schema":{"@context":"https:\/\/schema.org","@graph":[{"@type":"WebPage","@id":"https:\/\/terezinskainiciativa.cz\/event\/musime-si-pomahat\/","url":"https:\/\/terezinskainiciativa.cz\/event\/musime-si-pomahat\/","name":"Filmov\u00fd festival ZA HRADBY: Mus\u00edme si pom\u00e1hat - Terez\u00ednsk\u00e1 iniciativa","isPartOf":{"@id":"https:\/\/terezinskainiciativa.cz\/#website"},"datePublished":"2023-03-01T17:14:14+00:00","dateModified":"2023-04-21T14:56:34+00:00","breadcrumb":{"@id":"https:\/\/terezinskainiciativa.cz\/event\/musime-si-pomahat\/#breadcrumb"},"inLanguage":"en-US","potentialAction":[{"@type":"ReadAction","target":["https:\/\/terezinskainiciativa.cz\/event\/musime-si-pomahat\/"]}]},{"@type":"BreadcrumbList","@id":"https:\/\/terezinskainiciativa.cz\/event\/musime-si-pomahat\/#breadcrumb","itemListElement":[{"@type":"ListItem","position":1,"name":"Dom\u016f","item":"https:\/\/terezinskainiciativa.cz\/"},{"@type":"ListItem","position":2,"name":"Akce","item":"https:\/\/terezinskainiciativa.cz\/events\/"},{"@type":"ListItem","position":3,"name":"Filmov\u00fd festival ZA HRADBY: Mus\u00edme si pom\u00e1hat"}]},{"@type":"WebSite","@id":"https:\/\/terezinskainiciativa.cz\/#website","url":"https:\/\/terezinskainiciativa.cz\/","name":"Terez\u00ednsk\u00e1 iniciativa","description":"TI je sdru\u017een\u00ed b\u00fdval\u00fdch v\u011bz\u0148\u016f terez\u00ednsk\u00e9ho ghetta a jejich p\u0159\u00edm\u00fdch potomk\u016f","publisher":{"@id":"https:\/\/terezinskainiciativa.cz\/#organization"},"potentialAction":[{"@type":"SearchAction","target":{"@type":"EntryPoint","urlTemplate":"https:\/\/terezinskainiciativa.cz\/?s={search_term_string}"},"query-input":"required name=search_term_string"}],"inLanguage":"en-US"},{"@type":"Organization","@id":"https:\/\/terezinskainiciativa.cz\/#organization","name":"Terez\u00ednsk\u00e1 iniciativa","url":"https:\/\/terezinskainiciativa.cz\/","logo":{"@type":"ImageObject","inLanguage":"en-US","@id":"https:\/\/terezinskainiciativa.cz\/#\/schema\/logo\/image\/","url":"https:\/\/terezinskainiciativa.cz\/wp-content\/uploads\/2022\/12\/cropped-ti-v2.png","contentUrl":"https:\/\/terezinskainiciativa.cz\/wp-content\/uploads\/2022\/12\/cropped-ti-v2.png","width":242,"height":71,"caption":"Terez\u00ednsk\u00e1 iniciativa"},"image":{"@id":"https:\/\/terezinskainiciativa.cz\/#\/schema\/logo\/image\/"}}]}},"_links":{"self":[{"href":"https:\/\/terezinskainiciativa.cz\/en\/wp-json\/wp\/v2\/tribe_events\/350"}],"collection":[{"href":"https:\/\/terezinskainiciativa.cz\/en\/wp-json\/wp\/v2\/tribe_events"}],"about":[{"href":"https:\/\/terezinskainiciativa.cz\/en\/wp-json\/wp\/v2\/types\/tribe_events"}],"author":[{"embeddable":true,"href":"https:\/\/terezinskainiciativa.cz\/en\/wp-json\/wp\/v2\/users\/1"}],"replies":[{"embeddable":true,"href":"https:\/\/terezinskainiciativa.cz\/en\/wp-json\/wp\/v2\/comments?post=350"}],"version-history":[{"count":4,"href":"https:\/\/terezinskainiciativa.cz\/en\/wp-json\/wp\/v2\/tribe_events\/350\/revisions"}],"predecessor-version":[{"id":569,"href":"https:\/\/terezinskainiciativa.cz\/en\/wp-json\/wp\/v2\/tribe_events\/350\/revisions\/569"}],"wp:attachment":[{"href":"https:\/\/terezinskainiciativa.cz\/en\/wp-json\/wp\/v2\/media?parent=350"}],"wp:term":[{"taxonomy":"post_tag","embeddable":true,"href":"https:\/\/terezinskainiciativa.cz\/en\/wp-json\/wp\/v2\/tags?post=350"},{"taxonomy":"tribe_events_cat","embeddable":true,"href":"https:\/\/terezinskainiciativa.cz\/en\/wp-json\/wp\/v2\/tribe_events_cat?post=350"}],"curies":[{"name":"wp","href":"https:\/\/api.w.org\/{rel}","templated":true}]}}