{"id":563,"date":"2023-04-06T17:50:21","date_gmt":"2023-04-06T15:50:21","guid":{"rendered":"http:\/\/terezinskainiciativa.cz\/?post_type=tribe_events&#038;p=563"},"modified":"2023-04-21T16:56:28","modified_gmt":"2023-04-21T14:56:28","slug":"verejne-cteni-jmen-obeti-holocaustu-jom-ha-soa-2023","status":"publish","type":"tribe_events","link":"https:\/\/terezinskainiciativa.cz\/en\/event\/verejne-cteni-jmen-obeti-holocaustu-jom-ha-soa-2023\/","title":{"rendered":"Ve\u0159ejn\u00e9 \u010dten\u00ed jmen ob\u011bt\u00ed holocaustu &#8211; Jom ha-\u0160oa 2023"},"content":{"rendered":"<div>\n<h4 style=\"text-align: center;\">Ve\u0159ejn\u00e9 \u010dten\u00ed jmen ob\u011bt\u00ed holocaustu Jom ha-\u0160oa 2023<\/h4>\n<p><img loading=\"lazy\" decoding=\"async\" class=\"thumbnail-left alignleft\" src=\"http:\/\/www.terezinstudies.cz\/.content\/galerie-obrazku\/aktuality\/LOGO-Jom-ha-soa-RED.jpg\" width=\"324\" height=\"263\" \/><\/p>\n<p>Leto\u0161n\u00ed Ve\u0159ejn\u00e9 \u010dten\u00ed jmen ob\u011bt\u00ed holocaustu &#8211; Jom ha-\u0160oa prob\u011bhne <strong>v \u00fater\u00fd 18. dubna od 14:00<\/strong> ve 24 \u010desk\u00fdch a moravsk\u00fdch m\u011bstech.<\/p>\n<\/div>\n<p>&nbsp;<\/p>\n<p>&nbsp;<\/p>\n<p>Seznam m\u011bst, kde se \u010dten\u00ed bude konat:<\/p>\n<div>\n<p><strong>Bechyn\u011b:<\/strong> od 14.00 Muzeum turistiky &#8211; b\u00fdval\u00e1 synagoga, \u0160irok\u00e1 48<br \/>\n<strong>Blatn\u00e1:<\/strong> od 14.00 u ka\u0161ny na n\u00e1m\u011bst\u00ed (p\u0159ed b\u00fdvalou modlitebnou \u2013 nyn\u00ed slu\u017eebna policie \u010cR)<br \/>\n<strong>Brno:<\/strong> 14.00 \u2013 17.00 Moravsk\u00e9 n\u00e1m\u011bst\u00ed p\u0159ed M\u00edstodr\u017eitelsk\u00fdm pal\u00e1cem<br \/>\n<strong>Havl\u00ed\u010dk\u016fv Brod:<\/strong> 14.00 \u2013 15.00 Havl\u00ed\u010dkovo n\u00e1m\u011bst\u00ed<br \/>\n<strong>Choce\u0148:<\/strong> 14.00 \u2013 16.00 n\u00e1dvo\u0159\u00ed choce\u0148sk\u00e9ho z\u00e1mku<br \/>\n<strong>Karlovy Vary:<\/strong> 14.00 \u2013 17.00 p\u0159ed Hlavn\u00ed po\u0161tou na t\u0159\u00edd\u011b T. G. Masaryka<br \/>\n<strong>Klatovy:<\/strong> 14.00 \u2013 15.00 u pomn\u00edku ob\u011btem holocaustu (na soub\u011bhu ulic Randova a Denisova)<br \/>\n<strong>Kol\u00edn:<\/strong> 14.00 \u2013 16.00 Karlovo n\u00e1m\u011bst\u00ed<br \/>\n<strong>Kutn\u00e1 Hora: <\/strong>14.00 \u2013 15.00 p\u0159ed Knihovnou Kutn\u00e1 Hora, ul. Na N\u00e1m\u011bti 416<br \/>\n<strong>Liberec:<\/strong> 14.00 \u2013 15.00 n\u00e1m. Dr. E. Bene\u0161e<br \/>\n<strong>Luha\u010dovice:<\/strong> od 14.00 prostranstv\u00ed m\u011bstsk\u00e9ho domu Elektra<br \/>\n<strong>M\u011bln\u00edk:<\/strong> od 14.00 park mezi chr\u00e1mem sv. Petra a Pavla a ZU\u0160 M\u011bln\u00edk<br \/>\n<strong>N\u00e1m\u011b\u0161\u0165 nad Oslavou:<\/strong>\u00a014.00 \u2013 14.30 Masarykovo n\u00e1m\u011bst\u00ed<br \/>\n<strong>Nymburk:<\/strong> od 14.00 na rohu Tyr\u0161ovy ulice a Eli\u0161\u010diny t\u0159\u00eddy, u prvn\u00edch nymbursk\u00fdch Stolperstein\u016f<br \/>\n<strong>Olomouc:<\/strong> 14.00 \u2013 16.00 Horn\u00ed n\u00e1m\u011bst\u00ed<br \/>\n<strong>Plze\u0148:<\/strong> 14.00 \u2013 16.00 Smetanovy sady, U Branky<br \/>\n<strong>Pod\u011bbrady:<\/strong>\u00a0od 14.00 pam\u00e1tn\u00edk ob\u011btem holocaustu v Husov\u011b ulici p\u0159ed evangelick\u00fdm kostelem<br \/>\n<strong>Praha:<\/strong>\u00a014.00 \u2013 17.00 n\u00e1m\u011bst\u00ed Ji\u0159\u00edho z Pod\u011bbrad<br \/>\n<strong>Prost\u011bjov:<\/strong> od 14.00 n\u00e1m T. G. Masaryka v prostoru p\u0159ed muzeem<br \/>\n<strong>Kosova Hora:<\/strong> od 14.00 synagoga Kosova Hora<br \/>\n<strong>Su\u0161ice:<\/strong> 16.00 \u2013 17.00 n\u00e1m\u011bst\u00ed Svobody<br \/>\n<strong>Teplice:<\/strong> 14.00 \u2013 15.30 M\u00edrov\u00e9 n\u00e1m\u011bst\u00ed<br \/>\n<strong>\u00dast\u00ed nad Labem:<\/strong> 14.00 \u2013 15.30 piazzetta p\u0159ed Hrani\u010d\u00e1\u0159em<br \/>\n<strong>\u00dast\u00ed nad Orlic\u00ed:<\/strong> 14.00 \u2013 15.00 M\u011bstsk\u00e1 knihovna \u00dast\u00ed nad Orlic\u00ed<\/p>\n<p>Akce se kon\u00e1 pod z\u00e1\u0161titou Velvyslanectv\u00ed St\u00e1tu Izrael v \u010cesk\u00e9 republice.<\/p>\n<p><img loading=\"lazy\" decoding=\"async\" class=\" wp-image-564\" src=\"http:\/\/terezinskainiciativa.cz\/wp-content\/uploads\/2023\/04\/pozvanka-JHS-2023-225x300.png\" alt=\"\" width=\"774\" height=\"1032\" srcset=\"https:\/\/terezinskainiciativa.cz\/wp-content\/uploads\/2023\/04\/pozvanka-JHS-2023-225x300.png 225w, https:\/\/terezinskainiciativa.cz\/wp-content\/uploads\/2023\/04\/pozvanka-JHS-2023-768x1025.png 768w, https:\/\/terezinskainiciativa.cz\/wp-content\/uploads\/2023\/04\/pozvanka-JHS-2023.png 826w\" sizes=\"(max-width: 774px) 100vw, 774px\" \/><\/p>\n<\/div>\n","protected":false},"excerpt":{"rendered":"<p>Ve\u0159ejn\u00e9 \u010dten\u00ed jmen ob\u011bt\u00ed holocaustu Jom ha-\u0160oa 2023 Leto\u0161n\u00ed Ve\u0159ejn\u00e9 \u010dten\u00ed jmen ob\u011bt\u00ed holocaustu &#8211; Jom ha-\u0160oa prob\u011bhne v \u00fater\u00fd 18. dubna od 14:00 ve 24 \u010desk\u00fdch a moravsk\u00fdch m\u011bstech. [&hellip;]<\/p>\n","protected":false},"author":1,"featured_media":0,"comment_status":"open","ping_status":"closed","template":"","meta":{"_tribe_events_status":"","_tribe_events_status_reason":"","footnotes":""},"tags":[],"tribe_events_cat":[],"class_list":["post-563","tribe_events","type-tribe_events","status-publish","hentry"],"yoast_head":"<!-- This site is optimized with the Yoast SEO plugin v21.9.1 - https:\/\/yoast.com\/wordpress\/plugins\/seo\/ -->\n<title>Ve\u0159ejn\u00e9 \u010dten\u00ed jmen ob\u011bt\u00ed holocaustu - Jom ha-\u0160oa 2023 - Terez\u00ednsk\u00e1 iniciativa<\/title>\n<meta name=\"robots\" content=\"index, follow, max-snippet:-1, max-image-preview:large, max-video-preview:-1\" \/>\n<link rel=\"canonical\" href=\"https:\/\/terezinskainiciativa.cz\/en\/event\/verejne-cteni-jmen-obeti-holocaustu-jom-ha-soa-2023\/\" \/>\n<meta property=\"og:locale\" content=\"en_US\" \/>\n<meta property=\"og:type\" content=\"article\" \/>\n<meta property=\"og:title\" content=\"Ve\u0159ejn\u00e9 \u010dten\u00ed jmen ob\u011bt\u00ed holocaustu - Jom ha-\u0160oa 2023 - Terez\u00ednsk\u00e1 iniciativa\" \/>\n<meta property=\"og:description\" content=\"Ve\u0159ejn\u00e9 \u010dten\u00ed jmen ob\u011bt\u00ed holocaustu Jom ha-\u0160oa 2023 Leto\u0161n\u00ed Ve\u0159ejn\u00e9 \u010dten\u00ed jmen ob\u011bt\u00ed holocaustu &#8211; Jom ha-\u0160oa prob\u011bhne v \u00fater\u00fd 18. dubna od 14:00 ve 24 \u010desk\u00fdch a moravsk\u00fdch m\u011bstech. [&hellip;]\" \/>\n<meta property=\"og:url\" content=\"https:\/\/terezinskainiciativa.cz\/en\/event\/verejne-cteni-jmen-obeti-holocaustu-jom-ha-soa-2023\/\" \/>\n<meta property=\"og:site_name\" content=\"Terez\u00ednsk\u00e1 iniciativa\" \/>\n<meta property=\"article:modified_time\" content=\"2023-04-21T14:56:28+00:00\" \/>\n<meta property=\"og:image\" content=\"http:\/\/www.terezinstudies.cz\/.content\/galerie-obrazku\/aktuality\/LOGO-Jom-ha-soa-RED.jpg\" \/>\n<meta name=\"twitter:card\" content=\"summary_large_image\" \/>\n<meta name=\"twitter:label1\" content=\"Est. reading time\" \/>\n\t<meta name=\"twitter:data1\" content=\"2 minutes\" \/>\n<script type=\"application\/ld+json\" class=\"yoast-schema-graph\">{\"@context\":\"https:\/\/schema.org\",\"@graph\":[{\"@type\":\"WebPage\",\"@id\":\"https:\/\/terezinskainiciativa.cz\/event\/verejne-cteni-jmen-obeti-holocaustu-jom-ha-soa-2023\/\",\"url\":\"https:\/\/terezinskainiciativa.cz\/event\/verejne-cteni-jmen-obeti-holocaustu-jom-ha-soa-2023\/\",\"name\":\"Ve\u0159ejn\u00e9 \u010dten\u00ed jmen ob\u011bt\u00ed holocaustu - Jom ha-\u0160oa 2023 - Terez\u00ednsk\u00e1 iniciativa\",\"isPartOf\":{\"@id\":\"https:\/\/terezinskainiciativa.cz\/#website\"},\"datePublished\":\"2023-04-06T15:50:21+00:00\",\"dateModified\":\"2023-04-21T14:56:28+00:00\",\"breadcrumb\":{\"@id\":\"https:\/\/terezinskainiciativa.cz\/event\/verejne-cteni-jmen-obeti-holocaustu-jom-ha-soa-2023\/#breadcrumb\"},\"inLanguage\":\"en-US\",\"potentialAction\":[{\"@type\":\"ReadAction\",\"target\":[\"https:\/\/terezinskainiciativa.cz\/event\/verejne-cteni-jmen-obeti-holocaustu-jom-ha-soa-2023\/\"]}]},{\"@type\":\"BreadcrumbList\",\"@id\":\"https:\/\/terezinskainiciativa.cz\/event\/verejne-cteni-jmen-obeti-holocaustu-jom-ha-soa-2023\/#breadcrumb\",\"itemListElement\":[{\"@type\":\"ListItem\",\"position\":1,\"name\":\"Dom\u016f\",\"item\":\"https:\/\/terezinskainiciativa.cz\/\"},{\"@type\":\"ListItem\",\"position\":2,\"name\":\"Akce\",\"item\":\"https:\/\/terezinskainiciativa.cz\/events\/\"},{\"@type\":\"ListItem\",\"position\":3,\"name\":\"Ve\u0159ejn\u00e9 \u010dten\u00ed jmen ob\u011bt\u00ed holocaustu &#8211; Jom ha-\u0160oa 2023\"}]},{\"@type\":\"WebSite\",\"@id\":\"https:\/\/terezinskainiciativa.cz\/#website\",\"url\":\"https:\/\/terezinskainiciativa.cz\/\",\"name\":\"Terez\u00ednsk\u00e1 iniciativa\",\"description\":\"TI je sdru\u017een\u00ed b\u00fdval\u00fdch v\u011bz\u0148\u016f terez\u00ednsk\u00e9ho ghetta a jejich p\u0159\u00edm\u00fdch potomk\u016f\",\"publisher\":{\"@id\":\"https:\/\/terezinskainiciativa.cz\/#organization\"},\"potentialAction\":[{\"@type\":\"SearchAction\",\"target\":{\"@type\":\"EntryPoint\",\"urlTemplate\":\"https:\/\/terezinskainiciativa.cz\/?s={search_term_string}\"},\"query-input\":\"required name=search_term_string\"}],\"inLanguage\":\"en-US\"},{\"@type\":\"Organization\",\"@id\":\"https:\/\/terezinskainiciativa.cz\/#organization\",\"name\":\"Terez\u00ednsk\u00e1 iniciativa\",\"url\":\"https:\/\/terezinskainiciativa.cz\/\",\"logo\":{\"@type\":\"ImageObject\",\"inLanguage\":\"en-US\",\"@id\":\"https:\/\/terezinskainiciativa.cz\/#\/schema\/logo\/image\/\",\"url\":\"https:\/\/terezinskainiciativa.cz\/wp-content\/uploads\/2022\/12\/cropped-ti-v2.png\",\"contentUrl\":\"https:\/\/terezinskainiciativa.cz\/wp-content\/uploads\/2022\/12\/cropped-ti-v2.png\",\"width\":242,\"height\":71,\"caption\":\"Terez\u00ednsk\u00e1 iniciativa\"},\"image\":{\"@id\":\"https:\/\/terezinskainiciativa.cz\/#\/schema\/logo\/image\/\"}}]}<\/script>\n<!-- \/ Yoast SEO plugin. -->","yoast_head_json":{"title":"Ve\u0159ejn\u00e9 \u010dten\u00ed jmen ob\u011bt\u00ed holocaustu - Jom ha-\u0160oa 2023 - Terez\u00ednsk\u00e1 iniciativa","robots":{"index":"index","follow":"follow","max-snippet":"max-snippet:-1","max-image-preview":"max-image-preview:large","max-video-preview":"max-video-preview:-1"},"canonical":"https:\/\/terezinskainiciativa.cz\/en\/event\/verejne-cteni-jmen-obeti-holocaustu-jom-ha-soa-2023\/","og_locale":"en_US","og_type":"article","og_title":"Ve\u0159ejn\u00e9 \u010dten\u00ed jmen ob\u011bt\u00ed holocaustu - Jom ha-\u0160oa 2023 - Terez\u00ednsk\u00e1 iniciativa","og_description":"Ve\u0159ejn\u00e9 \u010dten\u00ed jmen ob\u011bt\u00ed holocaustu Jom ha-\u0160oa 2023 Leto\u0161n\u00ed Ve\u0159ejn\u00e9 \u010dten\u00ed jmen ob\u011bt\u00ed holocaustu &#8211; Jom ha-\u0160oa prob\u011bhne v \u00fater\u00fd 18. dubna od 14:00 ve 24 \u010desk\u00fdch a moravsk\u00fdch m\u011bstech. [&hellip;]","og_url":"https:\/\/terezinskainiciativa.cz\/en\/event\/verejne-cteni-jmen-obeti-holocaustu-jom-ha-soa-2023\/","og_site_name":"Terez\u00ednsk\u00e1 iniciativa","article_modified_time":"2023-04-21T14:56:28+00:00","og_image":[{"url":"http:\/\/www.terezinstudies.cz\/.content\/galerie-obrazku\/aktuality\/LOGO-Jom-ha-soa-RED.jpg"}],"twitter_card":"summary_large_image","twitter_misc":{"Est. reading time":"2 minutes"},"schema":{"@context":"https:\/\/schema.org","@graph":[{"@type":"WebPage","@id":"https:\/\/terezinskainiciativa.cz\/event\/verejne-cteni-jmen-obeti-holocaustu-jom-ha-soa-2023\/","url":"https:\/\/terezinskainiciativa.cz\/event\/verejne-cteni-jmen-obeti-holocaustu-jom-ha-soa-2023\/","name":"Ve\u0159ejn\u00e9 \u010dten\u00ed jmen ob\u011bt\u00ed holocaustu - Jom ha-\u0160oa 2023 - Terez\u00ednsk\u00e1 iniciativa","isPartOf":{"@id":"https:\/\/terezinskainiciativa.cz\/#website"},"datePublished":"2023-04-06T15:50:21+00:00","dateModified":"2023-04-21T14:56:28+00:00","breadcrumb":{"@id":"https:\/\/terezinskainiciativa.cz\/event\/verejne-cteni-jmen-obeti-holocaustu-jom-ha-soa-2023\/#breadcrumb"},"inLanguage":"en-US","potentialAction":[{"@type":"ReadAction","target":["https:\/\/terezinskainiciativa.cz\/event\/verejne-cteni-jmen-obeti-holocaustu-jom-ha-soa-2023\/"]}]},{"@type":"BreadcrumbList","@id":"https:\/\/terezinskainiciativa.cz\/event\/verejne-cteni-jmen-obeti-holocaustu-jom-ha-soa-2023\/#breadcrumb","itemListElement":[{"@type":"ListItem","position":1,"name":"Dom\u016f","item":"https:\/\/terezinskainiciativa.cz\/"},{"@type":"ListItem","position":2,"name":"Akce","item":"https:\/\/terezinskainiciativa.cz\/events\/"},{"@type":"ListItem","position":3,"name":"Ve\u0159ejn\u00e9 \u010dten\u00ed jmen ob\u011bt\u00ed holocaustu &#8211; Jom ha-\u0160oa 2023"}]},{"@type":"WebSite","@id":"https:\/\/terezinskainiciativa.cz\/#website","url":"https:\/\/terezinskainiciativa.cz\/","name":"Terez\u00ednsk\u00e1 iniciativa","description":"TI je sdru\u017een\u00ed b\u00fdval\u00fdch v\u011bz\u0148\u016f terez\u00ednsk\u00e9ho ghetta a jejich p\u0159\u00edm\u00fdch potomk\u016f","publisher":{"@id":"https:\/\/terezinskainiciativa.cz\/#organization"},"potentialAction":[{"@type":"SearchAction","target":{"@type":"EntryPoint","urlTemplate":"https:\/\/terezinskainiciativa.cz\/?s={search_term_string}"},"query-input":"required name=search_term_string"}],"inLanguage":"en-US"},{"@type":"Organization","@id":"https:\/\/terezinskainiciativa.cz\/#organization","name":"Terez\u00ednsk\u00e1 iniciativa","url":"https:\/\/terezinskainiciativa.cz\/","logo":{"@type":"ImageObject","inLanguage":"en-US","@id":"https:\/\/terezinskainiciativa.cz\/#\/schema\/logo\/image\/","url":"https:\/\/terezinskainiciativa.cz\/wp-content\/uploads\/2022\/12\/cropped-ti-v2.png","contentUrl":"https:\/\/terezinskainiciativa.cz\/wp-content\/uploads\/2022\/12\/cropped-ti-v2.png","width":242,"height":71,"caption":"Terez\u00ednsk\u00e1 iniciativa"},"image":{"@id":"https:\/\/terezinskainiciativa.cz\/#\/schema\/logo\/image\/"}}]}},"_links":{"self":[{"href":"https:\/\/terezinskainiciativa.cz\/en\/wp-json\/wp\/v2\/tribe_events\/563"}],"collection":[{"href":"https:\/\/terezinskainiciativa.cz\/en\/wp-json\/wp\/v2\/tribe_events"}],"about":[{"href":"https:\/\/terezinskainiciativa.cz\/en\/wp-json\/wp\/v2\/types\/tribe_events"}],"author":[{"embeddable":true,"href":"https:\/\/terezinskainiciativa.cz\/en\/wp-json\/wp\/v2\/users\/1"}],"replies":[{"embeddable":true,"href":"https:\/\/terezinskainiciativa.cz\/en\/wp-json\/wp\/v2\/comments?post=563"}],"version-history":[{"count":3,"href":"https:\/\/terezinskainiciativa.cz\/en\/wp-json\/wp\/v2\/tribe_events\/563\/revisions"}],"predecessor-version":[{"id":567,"href":"https:\/\/terezinskainiciativa.cz\/en\/wp-json\/wp\/v2\/tribe_events\/563\/revisions\/567"}],"wp:attachment":[{"href":"https:\/\/terezinskainiciativa.cz\/en\/wp-json\/wp\/v2\/media?parent=563"}],"wp:term":[{"taxonomy":"post_tag","embeddable":true,"href":"https:\/\/terezinskainiciativa.cz\/en\/wp-json\/wp\/v2\/tags?post=563"},{"taxonomy":"tribe_events_cat","embeddable":true,"href":"https:\/\/terezinskainiciativa.cz\/en\/wp-json\/wp\/v2\/tribe_events_cat?post=563"}],"curies":[{"name":"wp","href":"https:\/\/api.w.org\/{rel}","templated":true}]}}