{"id":674,"date":"2023-08-03T18:23:38","date_gmt":"2023-08-03T16:23:38","guid":{"rendered":"https:\/\/terezinskainiciativa.cz\/?post_type=tribe_events&#038;p=674"},"modified":"2023-08-03T19:00:55","modified_gmt":"2023-08-03T17:00:55","slug":"kever-avot","status":"publish","type":"tribe_events","link":"https:\/\/terezinskainiciativa.cz\/en\/event\/kever-avot\/","title":{"rendered":"Kever Avot"},"content":{"rendered":"<h3>Tradi\u010dn\u00ed tryzna k uct\u011bn\u00ed pam\u00e1tky ob\u011bt\u00ed \u0161oa<\/h3>\n<p>Sou\u010d\u00e1st\u00ed programu je koncert In memoriam Terez\u00edn-Osv\u011btim, kter\u00fdm si p\u0159ipom\u00edn\u00e1me 80. v\u00fdro\u010d\u00ed z\u0159\u00edzen\u00ed tzv. terez\u00ednsk\u00e9ho rodinn\u00e9ho t\u00e1bora v Auschwitz-Birkenau, a mo\u017enost n\u00e1v\u0161t\u011bvy expozic Pam\u00e1tn\u00edku Terez\u00edn. Pro ml\u00e1de\u017e od 13 let je p\u0159ipraven program (nutn\u00e1 registrace). Pro \u00fa\u010dastn\u00edky programu bude p\u0159ipraveno ob\u010derstven\u00ed<\/p>\n<h5>Rozvrh<\/h5>\n<p>9:30 \u2013 spole\u010dn\u00fd odjezd z Prahy<br \/>\n11:00 \u2013 tryzna u krematoria a modlitba u Oh\u0159e<br \/>\n12:00 \u2013 n\u00e1v\u0161t\u011bva Pam\u00e1tn\u00edku Terez\u00edn<br \/>\n14:00 \u2013 koncert In memoriam Terez\u00edn-Osv\u011btim (J\u00edzd\u00e1rna)<br \/>\n15:30 \u2013 konec programu a n\u00e1vrat do Prahy<\/p>\n<p>V\u00edce informac\u00ed: <a href=\"mailto:tkc@kehilaprag.cz\" target=\"_blank\" rel=\"noreferrer noopener\">tkc@kehilaprag.cz<\/a><br \/>\nRegistrace do 30. srpna: <a href=\"https:\/\/forms.gle\/n3QnN7CqbQ2rDfdq7\" target=\"_blank\" rel=\"noreferrer noopener\">https:\/\/forms.gle\/n3QnN7CqbQ2rDfdq7<\/a><\/p>\n<p><img loading=\"lazy\" decoding=\"async\" class=\"alignnone wp-image-670\" src=\"https:\/\/terezinskainiciativa.cz\/wp-content\/uploads\/2023\/08\/KEVER-AVOT_2023-212x300.png\" alt=\"\" width=\"1138\" height=\"1611\" srcset=\"https:\/\/terezinskainiciativa.cz\/wp-content\/uploads\/2023\/08\/KEVER-AVOT_2023-212x300.png 212w, https:\/\/terezinskainiciativa.cz\/wp-content\/uploads\/2023\/08\/KEVER-AVOT_2023-724x1024.png 724w, https:\/\/terezinskainiciativa.cz\/wp-content\/uploads\/2023\/08\/KEVER-AVOT_2023-768x1086.png 768w, https:\/\/terezinskainiciativa.cz\/wp-content\/uploads\/2023\/08\/KEVER-AVOT_2023-1086x1536.png 1086w, https:\/\/terezinskainiciativa.cz\/wp-content\/uploads\/2023\/08\/KEVER-AVOT_2023-1448x2048.png 1448w, https:\/\/terezinskainiciativa.cz\/wp-content\/uploads\/2023\/08\/KEVER-AVOT_2023.png 1653w\" sizes=\"(max-width: 1138px) 100vw, 1138px\" \/><\/p>\n<p><script src=\"moz-extension:\/\/d20561d5-481e-4037-87ee-6f7a92381d6e\/js\/app.js\" type=\"text\/javascript\"><\/script><\/p>\n","protected":false},"excerpt":{"rendered":"<p>Tradi\u010dn\u00ed tryzna k uct\u011bn\u00ed pam\u00e1tky ob\u011bt\u00ed \u0161oa Sou\u010d\u00e1st\u00ed programu je koncert In memoriam Terez\u00edn-Osv\u011btim, kter\u00fdm si p\u0159ipom\u00edn\u00e1me 80. v\u00fdro\u010d\u00ed z\u0159\u00edzen\u00ed tzv. terez\u00ednsk\u00e9ho rodinn\u00e9ho t\u00e1bora v Auschwitz-Birkenau, a mo\u017enost n\u00e1v\u0161t\u011bvy expozic [&hellip;]<\/p>\n","protected":false},"author":1,"featured_media":0,"comment_status":"open","ping_status":"closed","template":"","meta":{"_tribe_events_status":"","_tribe_events_status_reason":"","footnotes":""},"tags":[],"tribe_events_cat":[],"class_list":["post-674","tribe_events","type-tribe_events","status-publish","hentry"],"yoast_head":"<!-- This site is optimized with the Yoast SEO plugin v21.9.1 - https:\/\/yoast.com\/wordpress\/plugins\/seo\/ -->\n<title>Kever Avot - Terez\u00ednsk\u00e1 iniciativa<\/title>\n<meta name=\"robots\" content=\"index, follow, max-snippet:-1, max-image-preview:large, max-video-preview:-1\" \/>\n<link rel=\"canonical\" href=\"https:\/\/terezinskainiciativa.cz\/en\/archiv\/kever-avot\/\" \/>\n<meta property=\"og:locale\" content=\"en_US\" \/>\n<meta property=\"og:type\" content=\"article\" \/>\n<meta property=\"og:title\" content=\"Kever Avot - Terez\u00ednsk\u00e1 iniciativa\" \/>\n<meta property=\"og:description\" content=\"Tradi\u010dn\u00ed tryzna k uct\u011bn\u00ed pam\u00e1tky ob\u011bt\u00ed \u0161oa Sou\u010d\u00e1st\u00ed programu je koncert In memoriam Terez\u00edn-Osv\u011btim, kter\u00fdm si p\u0159ipom\u00edn\u00e1me 80. v\u00fdro\u010d\u00ed z\u0159\u00edzen\u00ed tzv. terez\u00ednsk\u00e9ho rodinn\u00e9ho t\u00e1bora v Auschwitz-Birkenau, a mo\u017enost n\u00e1v\u0161t\u011bvy expozic [&hellip;]\" \/>\n<meta property=\"og:url\" content=\"https:\/\/terezinskainiciativa.cz\/en\/archiv\/kever-avot\/\" \/>\n<meta property=\"og:site_name\" content=\"Terez\u00ednsk\u00e1 iniciativa\" \/>\n<meta property=\"article:modified_time\" content=\"2023-08-03T17:00:55+00:00\" \/>\n<meta property=\"og:image\" content=\"https:\/\/terezinskainiciativa.cz\/wp-content\/uploads\/2023\/08\/KEVER-AVOT_2023-212x300.png\" \/>\n<meta name=\"twitter:card\" content=\"summary_large_image\" \/>\n<meta name=\"twitter:label1\" content=\"Est. reading time\" \/>\n\t<meta name=\"twitter:data1\" content=\"1 minute\" \/>\n<script type=\"application\/ld+json\" class=\"yoast-schema-graph\">{\"@context\":\"https:\/\/schema.org\",\"@graph\":[{\"@type\":\"WebPage\",\"@id\":\"https:\/\/terezinskainiciativa.cz\/event\/kever-avot\/\",\"url\":\"https:\/\/terezinskainiciativa.cz\/event\/kever-avot\/\",\"name\":\"Kever Avot - Terez\u00ednsk\u00e1 iniciativa\",\"isPartOf\":{\"@id\":\"https:\/\/terezinskainiciativa.cz\/#website\"},\"datePublished\":\"2023-08-03T16:23:38+00:00\",\"dateModified\":\"2023-08-03T17:00:55+00:00\",\"breadcrumb\":{\"@id\":\"https:\/\/terezinskainiciativa.cz\/event\/kever-avot\/#breadcrumb\"},\"inLanguage\":\"en-US\",\"potentialAction\":[{\"@type\":\"ReadAction\",\"target\":[\"https:\/\/terezinskainiciativa.cz\/event\/kever-avot\/\"]}]},{\"@type\":\"BreadcrumbList\",\"@id\":\"https:\/\/terezinskainiciativa.cz\/event\/kever-avot\/#breadcrumb\",\"itemListElement\":[{\"@type\":\"ListItem\",\"position\":1,\"name\":\"Dom\u016f\",\"item\":\"https:\/\/terezinskainiciativa.cz\/\"},{\"@type\":\"ListItem\",\"position\":2,\"name\":\"Akce\",\"item\":\"https:\/\/terezinskainiciativa.cz\/events\/\"},{\"@type\":\"ListItem\",\"position\":3,\"name\":\"Kever Avot\"}]},{\"@type\":\"WebSite\",\"@id\":\"https:\/\/terezinskainiciativa.cz\/#website\",\"url\":\"https:\/\/terezinskainiciativa.cz\/\",\"name\":\"Terez\u00ednsk\u00e1 iniciativa\",\"description\":\"TI je sdru\u017een\u00ed b\u00fdval\u00fdch v\u011bz\u0148\u016f terez\u00ednsk\u00e9ho ghetta a jejich p\u0159\u00edm\u00fdch potomk\u016f\",\"publisher\":{\"@id\":\"https:\/\/terezinskainiciativa.cz\/#organization\"},\"potentialAction\":[{\"@type\":\"SearchAction\",\"target\":{\"@type\":\"EntryPoint\",\"urlTemplate\":\"https:\/\/terezinskainiciativa.cz\/?s={search_term_string}\"},\"query-input\":\"required name=search_term_string\"}],\"inLanguage\":\"en-US\"},{\"@type\":\"Organization\",\"@id\":\"https:\/\/terezinskainiciativa.cz\/#organization\",\"name\":\"Terez\u00ednsk\u00e1 iniciativa\",\"url\":\"https:\/\/terezinskainiciativa.cz\/\",\"logo\":{\"@type\":\"ImageObject\",\"inLanguage\":\"en-US\",\"@id\":\"https:\/\/terezinskainiciativa.cz\/#\/schema\/logo\/image\/\",\"url\":\"https:\/\/terezinskainiciativa.cz\/wp-content\/uploads\/2022\/12\/cropped-ti-v2.png\",\"contentUrl\":\"https:\/\/terezinskainiciativa.cz\/wp-content\/uploads\/2022\/12\/cropped-ti-v2.png\",\"width\":242,\"height\":71,\"caption\":\"Terez\u00ednsk\u00e1 iniciativa\"},\"image\":{\"@id\":\"https:\/\/terezinskainiciativa.cz\/#\/schema\/logo\/image\/\"}}]}<\/script>\n<!-- \/ Yoast SEO plugin. -->","yoast_head_json":{"title":"Kever Avot - Terez\u00ednsk\u00e1 iniciativa","robots":{"index":"index","follow":"follow","max-snippet":"max-snippet:-1","max-image-preview":"max-image-preview:large","max-video-preview":"max-video-preview:-1"},"canonical":"https:\/\/terezinskainiciativa.cz\/en\/archiv\/kever-avot\/","og_locale":"en_US","og_type":"article","og_title":"Kever Avot - Terez\u00ednsk\u00e1 iniciativa","og_description":"Tradi\u010dn\u00ed tryzna k uct\u011bn\u00ed pam\u00e1tky ob\u011bt\u00ed \u0161oa Sou\u010d\u00e1st\u00ed programu je koncert In memoriam Terez\u00edn-Osv\u011btim, kter\u00fdm si p\u0159ipom\u00edn\u00e1me 80. v\u00fdro\u010d\u00ed z\u0159\u00edzen\u00ed tzv. terez\u00ednsk\u00e9ho rodinn\u00e9ho t\u00e1bora v Auschwitz-Birkenau, a mo\u017enost n\u00e1v\u0161t\u011bvy expozic [&hellip;]","og_url":"https:\/\/terezinskainiciativa.cz\/en\/archiv\/kever-avot\/","og_site_name":"Terez\u00ednsk\u00e1 iniciativa","article_modified_time":"2023-08-03T17:00:55+00:00","og_image":[{"url":"https:\/\/terezinskainiciativa.cz\/wp-content\/uploads\/2023\/08\/KEVER-AVOT_2023-212x300.png"}],"twitter_card":"summary_large_image","twitter_misc":{"Est. reading time":"1 minute"},"schema":{"@context":"https:\/\/schema.org","@graph":[{"@type":"WebPage","@id":"https:\/\/terezinskainiciativa.cz\/event\/kever-avot\/","url":"https:\/\/terezinskainiciativa.cz\/event\/kever-avot\/","name":"Kever Avot - Terez\u00ednsk\u00e1 iniciativa","isPartOf":{"@id":"https:\/\/terezinskainiciativa.cz\/#website"},"datePublished":"2023-08-03T16:23:38+00:00","dateModified":"2023-08-03T17:00:55+00:00","breadcrumb":{"@id":"https:\/\/terezinskainiciativa.cz\/event\/kever-avot\/#breadcrumb"},"inLanguage":"en-US","potentialAction":[{"@type":"ReadAction","target":["https:\/\/terezinskainiciativa.cz\/event\/kever-avot\/"]}]},{"@type":"BreadcrumbList","@id":"https:\/\/terezinskainiciativa.cz\/event\/kever-avot\/#breadcrumb","itemListElement":[{"@type":"ListItem","position":1,"name":"Dom\u016f","item":"https:\/\/terezinskainiciativa.cz\/"},{"@type":"ListItem","position":2,"name":"Akce","item":"https:\/\/terezinskainiciativa.cz\/events\/"},{"@type":"ListItem","position":3,"name":"Kever Avot"}]},{"@type":"WebSite","@id":"https:\/\/terezinskainiciativa.cz\/#website","url":"https:\/\/terezinskainiciativa.cz\/","name":"Terez\u00ednsk\u00e1 iniciativa","description":"TI je sdru\u017een\u00ed b\u00fdval\u00fdch v\u011bz\u0148\u016f terez\u00ednsk\u00e9ho ghetta a jejich p\u0159\u00edm\u00fdch potomk\u016f","publisher":{"@id":"https:\/\/terezinskainiciativa.cz\/#organization"},"potentialAction":[{"@type":"SearchAction","target":{"@type":"EntryPoint","urlTemplate":"https:\/\/terezinskainiciativa.cz\/?s={search_term_string}"},"query-input":"required name=search_term_string"}],"inLanguage":"en-US"},{"@type":"Organization","@id":"https:\/\/terezinskainiciativa.cz\/#organization","name":"Terez\u00ednsk\u00e1 iniciativa","url":"https:\/\/terezinskainiciativa.cz\/","logo":{"@type":"ImageObject","inLanguage":"en-US","@id":"https:\/\/terezinskainiciativa.cz\/#\/schema\/logo\/image\/","url":"https:\/\/terezinskainiciativa.cz\/wp-content\/uploads\/2022\/12\/cropped-ti-v2.png","contentUrl":"https:\/\/terezinskainiciativa.cz\/wp-content\/uploads\/2022\/12\/cropped-ti-v2.png","width":242,"height":71,"caption":"Terez\u00ednsk\u00e1 iniciativa"},"image":{"@id":"https:\/\/terezinskainiciativa.cz\/#\/schema\/logo\/image\/"}}]}},"_links":{"self":[{"href":"https:\/\/terezinskainiciativa.cz\/en\/wp-json\/wp\/v2\/tribe_events\/674"}],"collection":[{"href":"https:\/\/terezinskainiciativa.cz\/en\/wp-json\/wp\/v2\/tribe_events"}],"about":[{"href":"https:\/\/terezinskainiciativa.cz\/en\/wp-json\/wp\/v2\/types\/tribe_events"}],"author":[{"embeddable":true,"href":"https:\/\/terezinskainiciativa.cz\/en\/wp-json\/wp\/v2\/users\/1"}],"replies":[{"embeddable":true,"href":"https:\/\/terezinskainiciativa.cz\/en\/wp-json\/wp\/v2\/comments?post=674"}],"version-history":[{"count":7,"href":"https:\/\/terezinskainiciativa.cz\/en\/wp-json\/wp\/v2\/tribe_events\/674\/revisions"}],"predecessor-version":[{"id":694,"href":"https:\/\/terezinskainiciativa.cz\/en\/wp-json\/wp\/v2\/tribe_events\/674\/revisions\/694"}],"wp:attachment":[{"href":"https:\/\/terezinskainiciativa.cz\/en\/wp-json\/wp\/v2\/media?parent=674"}],"wp:term":[{"taxonomy":"post_tag","embeddable":true,"href":"https:\/\/terezinskainiciativa.cz\/en\/wp-json\/wp\/v2\/tags?post=674"},{"taxonomy":"tribe_events_cat","embeddable":true,"href":"https:\/\/terezinskainiciativa.cz\/en\/wp-json\/wp\/v2\/tribe_events_cat?post=674"}],"curies":[{"name":"wp","href":"https:\/\/api.w.org\/{rel}","templated":true}]}}